{"id":530,"date":"2019-10-18T12:37:39","date_gmt":"2019-10-18T10:37:39","guid":{"rendered":"https:\/\/megusta.fr\/portfolio\/from-shadow-to-light\/"},"modified":"2021-07-22T15:10:04","modified_gmt":"2021-07-22T13:10:04","slug":"de-lombre-a-la-lumiere","status":"publish","type":"portfolio","link":"https:\/\/megusta.fr\/fr\/portfolio\/de-lombre-a-la-lumiere\/","title":{"rendered":"De l\u2019ombre \u00e0 la lumi\u00e8re"},"content":{"rendered":"<div class=\"wpb-content-wrapper\">[vc_row thb_divider_position=\u00a0\u00bbbottom\u00a0\u00bb][vc_column]\t<div id=\"thb-image-69ec6778b0257\" class=\"caption-style1  alignleft   thb_image_link wp-caption\">\n\t\t\t<div class=\"thb-image-inner size_100\">\n\t\t\t<img loading=\"lazy\" decoding=\"async\" width=\"1920\" height=\"980\" src=\"https:\/\/megusta.fr\/wp-content\/uploads\/2019\/10\/COVER_Henri-Maire.jpg\" class=\"thb_image   thb-ignore-lazyload attachment-full thb-lazyload lazyload\" alt=\"Megusta Henri Maire De l\u2019ombre \u00e0 la lumi\u00e8re Cover\" title=\"COVER_Henri-Maire\" sizes=\"auto, (max-width: 1920px) 100vw, 1920px\" data-src=\"https:\/\/megusta.fr\/wp-content\/uploads\/2019\/10\/COVER_Henri-Maire.jpg\" data-sizes=\"auto\" data-srcset=\"https:\/\/megusta.fr\/wp-content\/uploads\/2019\/10\/COVER_Henri-Maire.jpg 1920w, https:\/\/megusta.fr\/wp-content\/uploads\/2019\/10\/COVER_Henri-Maire-768x392.jpg 768w, https:\/\/megusta.fr\/wp-content\/uploads\/2019\/10\/COVER_Henri-Maire-1024x523.jpg 1024w, https:\/\/megusta.fr\/wp-content\/uploads\/2019\/10\/COVER_Henri-Maire-640x327.jpg 640w, https:\/\/megusta.fr\/wp-content\/uploads\/2019\/10\/COVER_Henri-Maire-20x9.jpg 20w, https:\/\/megusta.fr\/wp-content\/uploads\/2019\/10\/COVER_Henri-Maire-320x163.jpg 320w, https:\/\/megusta.fr\/wp-content\/uploads\/2019\/10\/COVER_Henri-Maire-1280x653.jpg 1280w\" \/>\n\t\t<\/div>\n\t\t\t\t\t<\/div>\n\t[\/vc_column][\/vc_row][vc_row thb_divider_position=\u00a0\u00bbbottom\u00a0\u00bb css=\u00a0\u00bb.vc_custom_1571671450349{padding-top: 5% !important;padding-bottom: 5% !important;}\u00a0\u00bb][vc_column width=\u00a0\u00bb1\/6&Prime;][\/vc_column][vc_column width=\u00a0\u00bb2\/3&Prime;][vc_column_text]\n<h2 class=\"megusta-sub-heading\">Henri Maire<\/h2>\n<h1 class=\"megusta-first-heading\">De l\u2019ombre \u00e0 la lumi\u00e8re<\/h1>\n[\/vc_column_text][vc_row_inner][vc_column_inner width=\u00a0\u00bb1\/2&Prime;][vc_column_text]Henri Maire, vin embl\u00e9matique du Jura connu des ann\u00e9es folles avec son fameux Vin Fou.<br \/>\nAvec une nouvelle signature, de \u00ab l\u2019ombre \u00e0 la lumi\u00e8re \u00bb Megusta r\u00e9sume \u00e0 la fois l\u2019histoire d\u2019Henri Maire, une marque qui s\u2019\u00e9teignait et se rallume, et le savoir-faire de la maison, \u00e0 la vigne comme \u00e0 la cave.<\/p>\n<p>De la plateforme de marque, \u00e0 la signal\u00e9tique boutique en passant par le packaging et le site web, le nouvel actionnaire confie \u00e0 Megusta la totalit\u00e9 de la communication.[\/vc_column_text][\/vc_column_inner][vc_column_inner width=\u00a0\u00bb1\/4&Prime;][\/vc_column_inner][vc_column_inner width=\u00a0\u00bb1\/4&Prime;][vc_column_text]\n<h6>EXPERTISES SOLLICIT\u00c9ES<\/h6>\n<p>Plateforme de marque<br \/>\nSignature de marque<br \/>\nIdentit\u00e9<br \/>\nDesign habillages<br \/>\nDiscours de marque<br \/>\nConception r\u00e9daction<br \/>\nUnivers visuel<br \/>\nIllustrations<br \/>\nEdition<br \/>\nSite web<br \/>\nSignal\u00e9tique urbaine<br \/>\nSignal\u00e9tique boutique<br \/>\nStrat\u00e9gie op\u00e9rationnelle[\/vc_column_text][\/vc_column_inner][\/vc_row_inner][\/vc_column][vc_column width=\u00a0\u00bb1\/6&Prime;][\/vc_column][\/vc_row][vc_row thb_row_padding=\u00a0\u00bbtrue\u00a0\u00bb thb_column_padding=\u00a0\u00bbtrue\u00a0\u00bb thb_divider_position=\u00a0\u00bbbottom\u00a0\u00bb][vc_column]\t<div id=\"thb-image-69ec6778b0d8d\" class=\"caption-style1  alignleft   thb_image_link wp-caption\">\n\t\t\t<div class=\"thb-image-inner size_100\">\n\t\t\t<img loading=\"lazy\" decoding=\"async\" width=\"1920\" height=\"536\" src=\"https:\/\/megusta.fr\/wp-content\/uploads\/2019\/10\/Henri-Maire_Logo.jpg\" class=\"thb_image   thb-ignore-lazyload attachment-full thb-lazyload lazyload\" alt=\"Megusta Henri Maire De l\u2019ombre \u00e0 la lumi\u00e8re logo\" title=\"Henri-Maire_Logo\" sizes=\"auto, (max-width: 1920px) 100vw, 1920px\" data-src=\"https:\/\/megusta.fr\/wp-content\/uploads\/2019\/10\/Henri-Maire_Logo.jpg\" data-sizes=\"auto\" data-srcset=\"https:\/\/megusta.fr\/wp-content\/uploads\/2019\/10\/Henri-Maire_Logo.jpg 1920w, https:\/\/megusta.fr\/wp-content\/uploads\/2019\/10\/Henri-Maire_Logo-768x214.jpg 768w, https:\/\/megusta.fr\/wp-content\/uploads\/2019\/10\/Henri-Maire_Logo-1024x286.jpg 1024w, https:\/\/megusta.fr\/wp-content\/uploads\/2019\/10\/Henri-Maire_Logo-640x179.jpg 640w, https:\/\/megusta.fr\/wp-content\/uploads\/2019\/10\/Henri-Maire_Logo-320x89.jpg 320w, https:\/\/megusta.fr\/wp-content\/uploads\/2019\/10\/Henri-Maire_Logo-1280x357.jpg 1280w, https:\/\/megusta.fr\/wp-content\/uploads\/2019\/10\/Henri-Maire_Logo-20x6.jpg 20w\" \/>\n\t\t<\/div>\n\t\t\t\t\t<\/div>\n\t[\/vc_column][\/vc_row][vc_row thb_row_padding=\u00a0\u00bbtrue\u00a0\u00bb thb_column_padding=\u00a0\u00bbtrue\u00a0\u00bb thb_divider_position=\u00a0\u00bbbottom\u00a0\u00bb][vc_column width=\u00a0\u00bb1\/2&Prime;]\t<div id=\"thb-image-69ec6778b18c2\" class=\"caption-style1  alignleft   thb_image_link wp-caption\">\n\t\t\t<div class=\"thb-image-inner size_100\">\n\t\t\t<img loading=\"lazy\" decoding=\"async\" width=\"1100\" height=\"1650\" src=\"https:\/\/megusta.fr\/wp-content\/uploads\/2019\/10\/Henri_Maire_01.jpg\" class=\"thb_image   thb-ignore-lazyload attachment-full thb-lazyload lazyload\" alt=\"Megusta Henri Maire De l\u2019ombre \u00e0 la lumi\u00e8re 2\" title=\"Henri_Maire_01\" sizes=\"auto, (max-width: 1100px) 100vw, 1100px\" data-src=\"https:\/\/megusta.fr\/wp-content\/uploads\/2019\/10\/Henri_Maire_01.jpg\" data-sizes=\"auto\" data-srcset=\"https:\/\/megusta.fr\/wp-content\/uploads\/2019\/10\/Henri_Maire_01.jpg 1100w, https:\/\/megusta.fr\/wp-content\/uploads\/2019\/10\/Henri_Maire_01-768x1152.jpg 768w, https:\/\/megusta.fr\/wp-content\/uploads\/2019\/10\/Henri_Maire_01-683x1024.jpg 683w, https:\/\/megusta.fr\/wp-content\/uploads\/2019\/10\/Henri_Maire_01-640x960.jpg 640w, https:\/\/megusta.fr\/wp-content\/uploads\/2019\/10\/Henri_Maire_01-320x480.jpg 320w, https:\/\/megusta.fr\/wp-content\/uploads\/2019\/10\/Henri_Maire_01-20x30.jpg 20w\" \/>\n\t\t<\/div>\n\t\t\t\t\t<\/div>\n\t[\/vc_column][vc_column width=\u00a0\u00bb1\/2&Prime;]\t<div id=\"thb-image-69ec6778b22d9\" class=\"caption-style1  alignleft   thb_image_link wp-caption\">\n\t\t\t<div class=\"thb-image-inner size_100\">\n\t\t\t<img loading=\"lazy\" decoding=\"async\" width=\"1100\" height=\"1650\" src=\"https:\/\/megusta.fr\/wp-content\/uploads\/2019\/10\/Henri_Maire_02.jpg\" class=\"thb_image   thb-ignore-lazyload attachment-full thb-lazyload lazyload\" alt=\"Megusta Henri Maire De l\u2019ombre \u00e0 la lumi\u00e8re Vin\" title=\"Henri_Maire_02\" sizes=\"auto, (max-width: 1100px) 100vw, 1100px\" data-src=\"https:\/\/megusta.fr\/wp-content\/uploads\/2019\/10\/Henri_Maire_02.jpg\" data-sizes=\"auto\" data-srcset=\"https:\/\/megusta.fr\/wp-content\/uploads\/2019\/10\/Henri_Maire_02.jpg 1100w, https:\/\/megusta.fr\/wp-content\/uploads\/2019\/10\/Henri_Maire_02-768x1152.jpg 768w, https:\/\/megusta.fr\/wp-content\/uploads\/2019\/10\/Henri_Maire_02-683x1024.jpg 683w, https:\/\/megusta.fr\/wp-content\/uploads\/2019\/10\/Henri_Maire_02-640x960.jpg 640w, https:\/\/megusta.fr\/wp-content\/uploads\/2019\/10\/Henri_Maire_02-320x480.jpg 320w, https:\/\/megusta.fr\/wp-content\/uploads\/2019\/10\/Henri_Maire_02-20x30.jpg 20w\" \/>\n\t\t<\/div>\n\t\t\t\t\t<\/div>\n\t[\/vc_column][\/vc_row][vc_row thb_row_padding=\u00a0\u00bbtrue\u00a0\u00bb thb_column_padding=\u00a0\u00bbtrue\u00a0\u00bb thb_divider_position=\u00a0\u00bbbottom\u00a0\u00bb][vc_column]\t<div id=\"thb-image-69ec6778b2afa\" class=\"caption-style1  alignleft   thb_image_link wp-caption\">\n\t\t\t<div class=\"thb-image-inner size_100\">\n\t\t\t<img loading=\"lazy\" decoding=\"async\" width=\"2265\" height=\"1510\" src=\"https:\/\/megusta.fr\/wp-content\/uploads\/2019\/10\/HM_01_2017_026.jpg\" class=\"thb_image   thb-ignore-lazyload attachment-full thb-lazyload lazyload\" alt=\"Megusta Henri Maire De l\u2019ombre \u00e0 la lumi\u00e8re\" title=\"Reportga eHenri-Maire\" sizes=\"auto, (max-width: 2265px) 100vw, 2265px\" data-src=\"https:\/\/megusta.fr\/wp-content\/uploads\/2019\/10\/HM_01_2017_026.jpg\" data-sizes=\"auto\" data-srcset=\"https:\/\/megusta.fr\/wp-content\/uploads\/2019\/10\/HM_01_2017_026.jpg 2265w, https:\/\/megusta.fr\/wp-content\/uploads\/2019\/10\/HM_01_2017_026-768x512.jpg 768w, https:\/\/megusta.fr\/wp-content\/uploads\/2019\/10\/HM_01_2017_026-1024x683.jpg 1024w, https:\/\/megusta.fr\/wp-content\/uploads\/2019\/10\/HM_01_2017_026-640x427.jpg 640w, https:\/\/megusta.fr\/wp-content\/uploads\/2019\/10\/HM_01_2017_026-20x13.jpg 20w, https:\/\/megusta.fr\/wp-content\/uploads\/2019\/10\/HM_01_2017_026-320x213.jpg 320w, https:\/\/megusta.fr\/wp-content\/uploads\/2019\/10\/HM_01_2017_026-1280x853.jpg 1280w, https:\/\/megusta.fr\/wp-content\/uploads\/2019\/10\/HM_01_2017_026-1920x1280.jpg 1920w\" \/>\n\t\t<\/div>\n\t\t\t\t\t<\/div>\n\t[\/vc_column][\/vc_row]\n<\/div>","protected":false},"excerpt":{"rendered":"<p>[vc_row thb_divider_position=\u00a0\u00bbbottom\u00a0\u00bb][vc_column][\/vc_column][\/vc_row][vc_row thb_divider_position=\u00a0\u00bbbottom\u00a0\u00bb css=\u00a0\u00bb.vc_custom_1571671450349{padding-top: 5% !important;padding-bottom: 5% !important;}\u00a0\u00bb][vc_column width=\u00a0\u00bb1\/6&Prime;][\/vc_column][vc_column width=\u00a0\u00bb2\/3&Prime;][vc_column_text] Henri Maire De l\u2019ombre \u00e0 la lumi\u00e8re [\/vc_column_text][vc_row_inner][vc_column_inner width=\u00a0\u00bb1\/2&Prime;][vc_column_text]Henri Maire, vin embl\u00e9matique du Jura connu des ann\u00e9es folles avec son fameux Vin Fou. Avec une nouvelle signature, de \u00ab l\u2019ombre \u00e0 la lumi\u00e8re \u00bb Megusta r\u00e9sume \u00e0 la fois l\u2019histoire d\u2019Henri Maire, une marque qui&hellip;<\/p>\n","protected":false},"author":1,"featured_media":532,"template":"","tags":[],"class_list":["post-530","portfolio","type-portfolio","status-publish","has-post-thumbnail","hentry","portfolio-category-henri-maire-fr"],"yoast_head":"<!-- This site is optimized with the Yoast SEO plugin v27.4 - https:\/\/yoast.com\/product\/yoast-seo-wordpress\/ -->\n<title>De l\u2019ombre \u00e0 la lumi\u00e8re - Megusta<\/title>\n<meta name=\"description\" content=\"De la plateforme de marque \u00e0 la signal\u00e9tique boutique, le nouvel actionnaire de Henri Maire confie \u00e0 Megusta la totalit\u00e9 de la communication.\" \/>\n<meta name=\"robots\" content=\"index, follow, max-snippet:-1, max-image-preview:large, max-video-preview:-1\" \/>\n<link rel=\"canonical\" href=\"https:\/\/megusta.fr\/fr\/portfolio\/de-lombre-a-la-lumiere\/\" \/>\n<meta property=\"og:locale\" content=\"fr_FR\" \/>\n<meta property=\"og:type\" content=\"article\" \/>\n<meta property=\"og:title\" content=\"De l\u2019ombre \u00e0 la lumi\u00e8re - Megusta\" \/>\n<meta property=\"og:description\" content=\"De la plateforme de marque \u00e0 la signal\u00e9tique boutique, le nouvel actionnaire de Henri Maire confie \u00e0 Megusta la totalit\u00e9 de la communication.\" \/>\n<meta property=\"og:url\" content=\"https:\/\/megusta.fr\/fr\/portfolio\/de-lombre-a-la-lumiere\/\" \/>\n<meta property=\"og:site_name\" content=\"Megusta\" \/>\n<meta property=\"article:publisher\" content=\"https:\/\/www.facebook.com\/megusta.fr\" \/>\n<meta property=\"article:modified_time\" content=\"2021-07-22T13:10:04+00:00\" \/>\n<meta property=\"og:image\" content=\"https:\/\/megusta.fr\/wp-content\/uploads\/2019\/10\/MEGUSTA_HenriMaire-Vignette.jpg\" \/>\n\t<meta property=\"og:image:width\" content=\"960\" \/>\n\t<meta property=\"og:image:height\" content=\"760\" \/>\n\t<meta property=\"og:image:type\" content=\"image\/jpeg\" \/>\n<meta name=\"twitter:card\" content=\"summary_large_image\" \/>\n<meta name=\"twitter:label1\" content=\"Dur\u00e9e de lecture estim\u00e9e\" \/>\n\t<meta name=\"twitter:data1\" content=\"2 minutes\" \/>\n<script type=\"application\/ld+json\" class=\"yoast-schema-graph\">{\"@context\":\"https:\\\/\\\/schema.org\",\"@graph\":[{\"@type\":\"WebPage\",\"@id\":\"https:\\\/\\\/megusta.fr\\\/fr\\\/portfolio\\\/de-lombre-a-la-lumiere\\\/\",\"url\":\"https:\\\/\\\/megusta.fr\\\/fr\\\/portfolio\\\/de-lombre-a-la-lumiere\\\/\",\"name\":\"De l\u2019ombre \u00e0 la lumi\u00e8re - Megusta\",\"isPartOf\":{\"@id\":\"https:\\\/\\\/megusta.fr\\\/#website\"},\"primaryImageOfPage\":{\"@id\":\"https:\\\/\\\/megusta.fr\\\/fr\\\/portfolio\\\/de-lombre-a-la-lumiere\\\/#primaryimage\"},\"image\":{\"@id\":\"https:\\\/\\\/megusta.fr\\\/fr\\\/portfolio\\\/de-lombre-a-la-lumiere\\\/#primaryimage\"},\"thumbnailUrl\":\"https:\\\/\\\/megusta.fr\\\/wp-content\\\/uploads\\\/2019\\\/10\\\/MEGUSTA_HenriMaire-Vignette.jpg\",\"datePublished\":\"2019-10-18T10:37:39+00:00\",\"dateModified\":\"2021-07-22T13:10:04+00:00\",\"description\":\"De la plateforme de marque \u00e0 la signal\u00e9tique boutique, le nouvel actionnaire de Henri Maire confie \u00e0 Megusta la totalit\u00e9 de la communication.\",\"breadcrumb\":{\"@id\":\"https:\\\/\\\/megusta.fr\\\/fr\\\/portfolio\\\/de-lombre-a-la-lumiere\\\/#breadcrumb\"},\"inLanguage\":\"fr-FR\",\"potentialAction\":[{\"@type\":\"ReadAction\",\"target\":[\"https:\\\/\\\/megusta.fr\\\/fr\\\/portfolio\\\/de-lombre-a-la-lumiere\\\/\"]}]},{\"@type\":\"ImageObject\",\"inLanguage\":\"fr-FR\",\"@id\":\"https:\\\/\\\/megusta.fr\\\/fr\\\/portfolio\\\/de-lombre-a-la-lumiere\\\/#primaryimage\",\"url\":\"https:\\\/\\\/megusta.fr\\\/wp-content\\\/uploads\\\/2019\\\/10\\\/MEGUSTA_HenriMaire-Vignette.jpg\",\"contentUrl\":\"https:\\\/\\\/megusta.fr\\\/wp-content\\\/uploads\\\/2019\\\/10\\\/MEGUSTA_HenriMaire-Vignette.jpg\",\"width\":960,\"height\":760,\"caption\":\"Megusta Henri Maire De l\u2019ombre \u00e0 la lumi\u00e8re vignette\"},{\"@type\":\"BreadcrumbList\",\"@id\":\"https:\\\/\\\/megusta.fr\\\/fr\\\/portfolio\\\/de-lombre-a-la-lumiere\\\/#breadcrumb\",\"itemListElement\":[{\"@type\":\"ListItem\",\"position\":1,\"name\":\"Home\",\"item\":\"https:\\\/\\\/megusta.fr\\\/fr\\\/\"},{\"@type\":\"ListItem\",\"position\":2,\"name\":\"De l\u2019ombre \u00e0 la lumi\u00e8re\"}]},{\"@type\":\"WebSite\",\"@id\":\"https:\\\/\\\/megusta.fr\\\/#website\",\"url\":\"https:\\\/\\\/megusta.fr\\\/\",\"name\":\"Megusta\",\"description\":\"Strategic Brand Design\",\"publisher\":{\"@id\":\"https:\\\/\\\/megusta.fr\\\/#organization\"},\"potentialAction\":[{\"@type\":\"SearchAction\",\"target\":{\"@type\":\"EntryPoint\",\"urlTemplate\":\"https:\\\/\\\/megusta.fr\\\/?s={search_term_string}\"},\"query-input\":{\"@type\":\"PropertyValueSpecification\",\"valueRequired\":true,\"valueName\":\"search_term_string\"}}],\"inLanguage\":\"fr-FR\"},{\"@type\":\"Organization\",\"@id\":\"https:\\\/\\\/megusta.fr\\\/#organization\",\"name\":\"Megusta\",\"url\":\"https:\\\/\\\/megusta.fr\\\/\",\"logo\":{\"@type\":\"ImageObject\",\"inLanguage\":\"fr-FR\",\"@id\":\"https:\\\/\\\/megusta.fr\\\/#\\\/schema\\\/logo\\\/image\\\/\",\"url\":\"https:\\\/\\\/megusta.fr\\\/wp-content\\\/uploads\\\/2019\\\/10\\\/MEGUSTA_LogoBlackBaseline.svg\",\"contentUrl\":\"https:\\\/\\\/megusta.fr\\\/wp-content\\\/uploads\\\/2019\\\/10\\\/MEGUSTA_LogoBlackBaseline.svg\",\"width\":1,\"height\":1,\"caption\":\"Megusta\"},\"image\":{\"@id\":\"https:\\\/\\\/megusta.fr\\\/#\\\/schema\\\/logo\\\/image\\\/\"},\"sameAs\":[\"https:\\\/\\\/www.facebook.com\\\/megusta.fr\",\"https:\\\/\\\/www.instagram.com\\\/megusta_agency\\\/\",\"https:\\\/\\\/www.linkedin.com\\\/company\\\/megusta-strategic-brand-design-communication\\\/\"]}]}<\/script>\n<!-- \/ Yoast SEO plugin. -->","yoast_head_json":{"title":"De l\u2019ombre \u00e0 la lumi\u00e8re - Megusta","description":"De la plateforme de marque \u00e0 la signal\u00e9tique boutique, le nouvel actionnaire de Henri Maire confie \u00e0 Megusta la totalit\u00e9 de la communication.","robots":{"index":"index","follow":"follow","max-snippet":"max-snippet:-1","max-image-preview":"max-image-preview:large","max-video-preview":"max-video-preview:-1"},"canonical":"https:\/\/megusta.fr\/fr\/portfolio\/de-lombre-a-la-lumiere\/","og_locale":"fr_FR","og_type":"article","og_title":"De l\u2019ombre \u00e0 la lumi\u00e8re - Megusta","og_description":"De la plateforme de marque \u00e0 la signal\u00e9tique boutique, le nouvel actionnaire de Henri Maire confie \u00e0 Megusta la totalit\u00e9 de la communication.","og_url":"https:\/\/megusta.fr\/fr\/portfolio\/de-lombre-a-la-lumiere\/","og_site_name":"Megusta","article_publisher":"https:\/\/www.facebook.com\/megusta.fr","article_modified_time":"2021-07-22T13:10:04+00:00","og_image":[{"width":960,"height":760,"url":"https:\/\/megusta.fr\/wp-content\/uploads\/2019\/10\/MEGUSTA_HenriMaire-Vignette.jpg","type":"image\/jpeg"}],"twitter_card":"summary_large_image","twitter_misc":{"Dur\u00e9e de lecture estim\u00e9e":"2 minutes"},"schema":{"@context":"https:\/\/schema.org","@graph":[{"@type":"WebPage","@id":"https:\/\/megusta.fr\/fr\/portfolio\/de-lombre-a-la-lumiere\/","url":"https:\/\/megusta.fr\/fr\/portfolio\/de-lombre-a-la-lumiere\/","name":"De l\u2019ombre \u00e0 la lumi\u00e8re - Megusta","isPartOf":{"@id":"https:\/\/megusta.fr\/#website"},"primaryImageOfPage":{"@id":"https:\/\/megusta.fr\/fr\/portfolio\/de-lombre-a-la-lumiere\/#primaryimage"},"image":{"@id":"https:\/\/megusta.fr\/fr\/portfolio\/de-lombre-a-la-lumiere\/#primaryimage"},"thumbnailUrl":"https:\/\/megusta.fr\/wp-content\/uploads\/2019\/10\/MEGUSTA_HenriMaire-Vignette.jpg","datePublished":"2019-10-18T10:37:39+00:00","dateModified":"2021-07-22T13:10:04+00:00","description":"De la plateforme de marque \u00e0 la signal\u00e9tique boutique, le nouvel actionnaire de Henri Maire confie \u00e0 Megusta la totalit\u00e9 de la communication.","breadcrumb":{"@id":"https:\/\/megusta.fr\/fr\/portfolio\/de-lombre-a-la-lumiere\/#breadcrumb"},"inLanguage":"fr-FR","potentialAction":[{"@type":"ReadAction","target":["https:\/\/megusta.fr\/fr\/portfolio\/de-lombre-a-la-lumiere\/"]}]},{"@type":"ImageObject","inLanguage":"fr-FR","@id":"https:\/\/megusta.fr\/fr\/portfolio\/de-lombre-a-la-lumiere\/#primaryimage","url":"https:\/\/megusta.fr\/wp-content\/uploads\/2019\/10\/MEGUSTA_HenriMaire-Vignette.jpg","contentUrl":"https:\/\/megusta.fr\/wp-content\/uploads\/2019\/10\/MEGUSTA_HenriMaire-Vignette.jpg","width":960,"height":760,"caption":"Megusta Henri Maire De l\u2019ombre \u00e0 la lumi\u00e8re vignette"},{"@type":"BreadcrumbList","@id":"https:\/\/megusta.fr\/fr\/portfolio\/de-lombre-a-la-lumiere\/#breadcrumb","itemListElement":[{"@type":"ListItem","position":1,"name":"Home","item":"https:\/\/megusta.fr\/fr\/"},{"@type":"ListItem","position":2,"name":"De l\u2019ombre \u00e0 la lumi\u00e8re"}]},{"@type":"WebSite","@id":"https:\/\/megusta.fr\/#website","url":"https:\/\/megusta.fr\/","name":"Megusta","description":"Strategic Brand Design","publisher":{"@id":"https:\/\/megusta.fr\/#organization"},"potentialAction":[{"@type":"SearchAction","target":{"@type":"EntryPoint","urlTemplate":"https:\/\/megusta.fr\/?s={search_term_string}"},"query-input":{"@type":"PropertyValueSpecification","valueRequired":true,"valueName":"search_term_string"}}],"inLanguage":"fr-FR"},{"@type":"Organization","@id":"https:\/\/megusta.fr\/#organization","name":"Megusta","url":"https:\/\/megusta.fr\/","logo":{"@type":"ImageObject","inLanguage":"fr-FR","@id":"https:\/\/megusta.fr\/#\/schema\/logo\/image\/","url":"https:\/\/megusta.fr\/wp-content\/uploads\/2019\/10\/MEGUSTA_LogoBlackBaseline.svg","contentUrl":"https:\/\/megusta.fr\/wp-content\/uploads\/2019\/10\/MEGUSTA_LogoBlackBaseline.svg","width":1,"height":1,"caption":"Megusta"},"image":{"@id":"https:\/\/megusta.fr\/#\/schema\/logo\/image\/"},"sameAs":["https:\/\/www.facebook.com\/megusta.fr","https:\/\/www.instagram.com\/megusta_agency\/","https:\/\/www.linkedin.com\/company\/megusta-strategic-brand-design-communication\/"]}]}},"_links":{"self":[{"href":"https:\/\/megusta.fr\/fr\/wp-json\/wp\/v2\/portfolio\/530","targetHints":{"allow":["GET"]}}],"collection":[{"href":"https:\/\/megusta.fr\/fr\/wp-json\/wp\/v2\/portfolio"}],"about":[{"href":"https:\/\/megusta.fr\/fr\/wp-json\/wp\/v2\/types\/portfolio"}],"author":[{"embeddable":true,"href":"https:\/\/megusta.fr\/fr\/wp-json\/wp\/v2\/users\/1"}],"version-history":[{"count":0,"href":"https:\/\/megusta.fr\/fr\/wp-json\/wp\/v2\/portfolio\/530\/revisions"}],"wp:featuredmedia":[{"embeddable":true,"href":"https:\/\/megusta.fr\/fr\/wp-json\/wp\/v2\/media\/532"}],"wp:attachment":[{"href":"https:\/\/megusta.fr\/fr\/wp-json\/wp\/v2\/media?parent=530"}],"wp:term":[{"taxonomy":"post_tag","embeddable":true,"href":"https:\/\/megusta.fr\/fr\/wp-json\/wp\/v2\/tags?post=530"}],"curies":[{"name":"wp","href":"https:\/\/api.w.org\/{rel}","templated":true}]}}